{"id":1683,"date":"2024-11-20T21:08:48","date_gmt":"2024-11-20T21:08:48","guid":{"rendered":"https:\/\/lasedelegal.es\/home\/"},"modified":"2024-12-30T09:44:54","modified_gmt":"2024-12-30T09:44:54","slug":"home","status":"publish","type":"page","link":"https:\/\/lasedelegal.es\/en\/","title":{"rendered":"Home"},"content":{"rendered":"<div class=\"wp-block-uagb-container uagb-block-2ebd20d5 alignfull uagb-is-root-container\"><div class=\"uagb-container-inner-blocks-wrap\">\n<div class=\"wp-block-uagb-container uagb-block-68b02ead\">\n<div class=\"wp-block-uagb-advanced-heading uagb-block-4330cd0b\"><div class=\"uagb-separator\"><\/div><h1 class=\"uagb-heading-text\">Asesor\u00eda Integral en M\u00e1laga<\/h1><p class=\"uagb-desc-text\">En La Sede Legal, ofrecemos servicios de asesoramiento fiscal, laboral y contable personalizados. Nuestro equipo de Asesores defiende sus intereses con eficacia y profesionalidad.<\/p><\/div>\n\n\n\n<div class=\"wp-block-uagb-container uagb-block-504a2c74\">\n<div class=\"wp-block-uagb-buttons uagb-buttons__outer-wrap uagb-btn__default-btn uagb-btn-tablet__default-btn uagb-btn-mobile__default-btn uagb-block-f8ba825e\"><div class=\"uagb-buttons__wrap uagb-buttons-layout-wrap\">\n<div class=\"wp-block-uagb-buttons-child uagb-buttons__outer-wrap uagb-block-d11c9eda wp-block-button\"><div class=\"uagb-button__wrapper\"><a class=\"uagb-buttons-repeater wp-block-button__link\" aria-label=\"\" href=\"\/en\/contact\/\" rel=\"follow noopener\" target=\"_self\" role=\"button\"><div class=\"uagb-button__link\">Solicitar Consulta<\/div><\/a><\/div><\/div>\n<\/div><\/div>\n\n\n\n<div class=\"wp-block-uagb-advanced-heading uagb-block-df090859\"><div class=\"uagb-heading-text\">o<\/div><\/div>\n\n\n\n<div class=\"wp-block-uagb-advanced-heading uagb-block-dc00d8bd\"><div class=\"uagb-heading-text\">+34 644 049 360<\/div><\/div>\n<\/div>\n<\/div>\n<\/div><\/div>\n\n\n\n<div class=\"wp-block-uagb-container uagb-block-9ed41449 alignfull uagb-is-root-container\"><div class=\"uagb-container-inner-blocks-wrap\">\n<div class=\"wp-block-uagb-info-box uagb-block-ca01dfc5 uagb-infobox__content-wrap  uagb-infobox-icon-above-title uagb-infobox-image-valign-top wp-block-uagb-info-box--has-margin\"><div class=\"uagb-infobox-margin-wrapper\"><div class=\"uagb-ifb-content\"><div class=\"uagb-ifb-title-wrap\"><span class=\"uagb-ifb-title-prefix\">Confiabilidad y Profesionalidad<\/span><h2 class=\"uagb-ifb-title\">Descubra nuestra historia y compromiso con el asesoramiento de particulares y empresas.<\/h2><\/div><p class=\"uagb-ifb-desc\">La Sede Legal es un despacho de <strong> Asesores Fiscales<\/strong> en <strong>M\u00e1laga <\/strong>que brinda un asesoramiento y defensa integral. Nos especializamos en diversas \u00e1reas, ofreciendo soluciones efectivas a particulares y empresas, siempre con un enfoque personalizado.<br><br>Contamos con un equipo de Asesores altamente cualificados y con amplia experiencia en el sector fiscal, laboral y financiero, dedicados a garantizar la mejor defensa de los intereses de nuestros clientes.<\/p><\/div><\/div><\/div>\n\n\n\n<div class=\"wp-block-uagb-image aligncenter uagb-block-ed27a4cd wp-block-uagb-image--layout-default wp-block-uagb-image--effect-static wp-block-uagb-image--align-center\"><figure class=\"wp-block-uagb-image__figure\"><img decoding=\"async\" srcset=\"https:\/\/lasedelegal.es\/wp-content\/uploads\/2024\/12\/g4434178527e898d061179967b91990d37e9f606cf8bc814bbb75d7a649fa05c8a65c90003eac86988caf6c89562d5728_1280-962213-1024x682.jpg ,https:\/\/lasedelegal.es\/wp-content\/uploads\/2024\/12\/g4434178527e898d061179967b91990d37e9f606cf8bc814bbb75d7a649fa05c8a65c90003eac86988caf6c89562d5728_1280-962213.jpg 780w, https:\/\/lasedelegal.es\/wp-content\/uploads\/2024\/12\/g4434178527e898d061179967b91990d37e9f606cf8bc814bbb75d7a649fa05c8a65c90003eac86988caf6c89562d5728_1280-962213.jpg 360w\" sizes=\"auto, (max-width: 480px) 150px\" src=\"https:\/\/lasedelegal.es\/wp-content\/uploads\/2024\/12\/g4434178527e898d061179967b91990d37e9f606cf8bc814bbb75d7a649fa05c8a65c90003eac86988caf6c89562d5728_1280-962213-1024x682.jpg\" alt=\"still life, working, desk\" class=\"uag-image-2143\" width=\"560\" height=\"430\" title=\"g4434178527e898d061179967b91990d37e9f606cf8bc814bbb75d7a649fa05c8a65c90003eac86988caf6c89562d5728_1280-962213\" loading=\"lazy\" role=\"img\"\/><\/figure><\/div>\n<\/div><\/div>\n\n\n\n<div class=\"wp-block-uagb-container uagb-block-c8f8687a alignfull uagb-is-root-container\"><div class=\"uagb-container-inner-blocks-wrap\">\n<div class=\"wp-block-uagb-image alignleft uagb-block-6824f376 wp-block-uagb-image--layout-default wp-block-uagb-image--effect-static wp-block-uagb-image--align-left\"><figure class=\"wp-block-uagb-image__figure\"><img decoding=\"async\" srcset=\"https:\/\/lasedelegal.es\/wp-content\/uploads\/2024\/12\/Foto-Juan-Carlos-ByN-1024x1024.png ,https:\/\/lasedelegal.es\/wp-content\/uploads\/2024\/12\/Foto-Juan-Carlos-ByN.png 780w, https:\/\/lasedelegal.es\/wp-content\/uploads\/2024\/12\/Foto-Juan-Carlos-ByN.png 360w\" sizes=\"auto, (max-width: 480px) 150px\" src=\"https:\/\/lasedelegal.es\/wp-content\/uploads\/2024\/12\/Foto-Juan-Carlos-ByN-1024x1024.png\" alt=\"\" class=\"uag-image-2144\" width=\"458\" height=\"450\" title=\"Foto Juan Carlos ByN\" loading=\"lazy\" role=\"img\"\/><\/figure><\/div>\n\n\n\n<div class=\"wp-block-uagb-info-box uagb-block-96261e56 uagb-infobox__content-wrap  uagb-infobox-icon-above-title uagb-infobox-image-valign-top wp-block-uagb-info-box--has-margin\"><div class=\"uagb-infobox-margin-wrapper\"><div class=\"uagb-ifb-content\"><div class=\"uagb-ifb-title-wrap\"><h3 class=\"uagb-ifb-title\">Equipo de La Sede Legal<\/h3><\/div><p class=\"uagb-ifb-desc\">Nuestro equipo est\u00e1 formado por  asesores fiscales con una s\u00f3lida formaci\u00f3n y experiencia en diversas ramas de la Econom\u00eda Internacional comprometidos con la excelencia y la satisfacci\u00f3n del cliente.<br>Le atendemos en espa\u00f1ol y en ingl\u00e9s.<br><br>La Sede Legal fue fundada con la misi\u00f3n de ofrecer un servicio accesible y de calidad, siempre centrado en la resoluci\u00f3n de conflictos y la protecci\u00f3n de los derechos de nuestros clientes.<br><br>Tramitamos toda clase de procedimiento Administrativo, tributario en cualquier \u00e1mbito.<br><br>Ofrecemos servicio de <strong>Peritaje Judicial y Elaboraci\u00f3n de Informes Periciales<\/strong> para su ratificaci\u00f3n en juicio.<br><br>Atendemos cualquier solicitud de <strong>Mediaci\u00f3n Civil, Mercantil, Familiar y Comunitaria<\/strong> a trav\u00e9s de nuestro servicio de Mediaci\u00f3n acreditado por el Ministerio de Justicia.<\/p><\/div><\/div><\/div>\n<\/div><\/div>\n\n\n\n<div class=\"wp-block-uagb-container uagb-block-942e6c40 alignfull uagb-is-root-container\"><div class=\"uagb-container-inner-blocks-wrap\">      \n\t\t\t<div class=\"uagb-icon-wrapper uagb-block-dbc91eb4  wp-block-uagb-icon--has-margin\"\n\t\t\tstyle=\"\" >\n\t\t\t\t\t\t\t\t<div class='uagb-icon-margin-wrapper'>\n\t\t\t\t\t\t\t\t\t<span class=\"uagb-svg-wrapper\" \n\t\t\t\t\t aria-label=\"quote-left\"\t\t\t\t\ttabindex=\"0\">\t\t\n\t\t\t\t\t\t\t\t\t\t<svg xmlns=\"https:\/\/www.w3.org\/2000\/svg\" viewbox= \"0 0 448 512\" role=\"graphics-symbol\" aria-hidden=\"false\" aria-label=\"\"><path d=\"M96 224C84.72 224 74.05 226.3 64 229.9V224c0-35.3 28.7-64 64-64c17.67 0 32-14.33 32-32S145.7 96 128 96C57.42 96 0 153.4 0 224v96c0 53.02 42.98 96 96 96s96-42.98 96-96S149 224 96 224zM352 224c-11.28 0-21.95 2.305-32 5.879V224c0-35.3 28.7-64 64-64c17.67 0 32-14.33 32-32s-14.33-32-32-32c-70.58 0-128 57.42-128 128v96c0 53.02 42.98 96 96 96s96-42.98 96-96S405 224 352 224z\"><\/path><\/svg>\n\t\t\t\t\t\t\t\t\t<\/span>\n\t\t\t\t\t\t\t\t<\/div>\n\t\t\t\t\t\t\t<\/div>\n\t\t\t\n\n\n<div class=\"wp-block-uagb-advanced-heading uagb-block-74100411\"><h3 class=\"uagb-heading-text\">La Sede Legal me brind\u00f3 una asesor\u00eda excepcional. Su profesionalidad y atenci\u00f3n personalizada hicieron toda la diferencia en mi caso.<\/h3><\/div>\n\n\n\n<div class=\"wp-block-uagb-star-rating uagb-block-acff19e1\"><div class=\"uag-star-rating\" title=\"5\/5\"><span class=\"uag-star\">\u2605<\/span><span class=\"uag-star\">\u2605<\/span><span class=\"uag-star\">\u2605<\/span><span class=\"uag-star\">\u2605<\/span><span class=\"uag-star\">\u2605<\/span><\/div><\/div>\n\n\n\n<div class=\"wp-block-uagb-advanced-heading uagb-block-f4ef51c3\"><p class=\"uagb-heading-text\">Carmen Ferre<\/p><\/div>\n<\/div><\/div>\n\n\n\n<div class=\"wp-block-uagb-container uagb-block-32e68958 alignfull uagb-is-root-container\"><div class=\"uagb-container-inner-blocks-wrap\">\n<div class=\"wp-block-uagb-advanced-heading uagb-block-c7e91924\"><p class=\"uagb-desc-text\">Nuestra Selecci\u00f3n<\/p><h2 class=\"uagb-heading-text\">Servicios Ofrecidos<\/h2><\/div>\n\n\n\n<div class=\"wp-block-uagb-container uagb-block-70368775\">\n<div class=\"wp-block-uagb-container uagb-block-3ea269a1\">\n<div class=\"wp-block-uagb-container uagb-block-610272ba\">\n<div class=\"wp-block-uagb-image alignleft uagb-block-852d27f4 wp-block-uagb-image--layout-default wp-block-uagb-image--effect-static wp-block-uagb-image--align-left\"><figure class=\"wp-block-uagb-image__figure\"><img decoding=\"async\" srcset=\"https:\/\/lasedelegal.es\/wp-content\/uploads\/2024\/11\/ga839770ec88a7daf320d8dcaaefb270f7fc4d1dd57346b459d90dc9dcedbc9aa094e9ee53ed2f554ae91db59c29970832f1071286cbf93da53e9bfef70c58367_1280-7125350-1024x684.jpg ,https:\/\/lasedelegal.es\/wp-content\/uploads\/2024\/11\/ga839770ec88a7daf320d8dcaaefb270f7fc4d1dd57346b459d90dc9dcedbc9aa094e9ee53ed2f554ae91db59c29970832f1071286cbf93da53e9bfef70c58367_1280-7125350.jpg 780w, https:\/\/lasedelegal.es\/wp-content\/uploads\/2024\/11\/ga839770ec88a7daf320d8dcaaefb270f7fc4d1dd57346b459d90dc9dcedbc9aa094e9ee53ed2f554ae91db59c29970832f1071286cbf93da53e9bfef70c58367_1280-7125350.jpg 360w\" sizes=\"auto, (max-width: 480px) 150px\" src=\"https:\/\/lasedelegal.es\/wp-content\/uploads\/2024\/11\/ga839770ec88a7daf320d8dcaaefb270f7fc4d1dd57346b459d90dc9dcedbc9aa094e9ee53ed2f554ae91db59c29970832f1071286cbf93da53e9bfef70c58367_1280-7125350-1024x684.jpg\" alt=\"tax, finance, accounting\" class=\"uag-image-1962\" width=\"558\" height=\"320\" title=\"ga839770ec88a7daf320d8dcaaefb270f7fc4d1dd57346b459d90dc9dcedbc9aa094e9ee53ed2f554ae91db59c29970832f1071286cbf93da53e9bfef70c58367_1280-7125350\" loading=\"lazy\" role=\"img\"\/><\/figure><\/div>\n<\/div>\n\n\n\n<div class=\"wp-block-uagb-container uagb-block-2aa71f2a\">\n<div class=\"wp-block-uagb-advanced-heading uagb-block-cbd27b8c\"><h3 class=\"uagb-heading-text\">asesor\u00eda<\/h3><div class=\"uagb-separator\"><\/div><\/div>\n\n\n\n<p>Servicios de Asesoramiento y Consultor\u00eda Fiscal, Laboral y Contable para empresas, aut\u00f3nomos y particulares. Gesti\u00f3n Fiscal de Tasas e Impuestos nacionales, auton\u00f3micos y locales.<\/p>\n\n\n\n<div class=\"wp-block-uagb-advanced-heading uagb-block-bd87227d\"><p class=\"uagb-heading-text\">Fiscal<\/p><\/div>\n\n\n\n<div class=\"wp-block-uagb-advanced-heading uagb-block-1ff2a3c1\"><p class=\"uagb-heading-text\">Laboral<\/p><\/div>\n\n\n\n<div class=\"wp-block-uagb-advanced-heading uagb-block-f75f7ce3\"><p class=\"uagb-heading-text\">Contable<\/p><\/div>\n<\/div>\n\n\n\n<div class=\"wp-block-uagb-image alignleft uagb-block-63d9faee wp-block-uagb-image--layout-default wp-block-uagb-image--effect-static wp-block-uagb-image--align-left\"><figure class=\"wp-block-uagb-image__figure\"><img decoding=\"async\" srcset=\"https:\/\/lasedelegal.es\/wp-content\/uploads\/2024\/11\/g567d5fe1b8b3bea931ca79a05f1043890a0fd66973e4fd91813c496c2a30a636eecb01b1e10765299088803c0f28eade_1280-472027-1024x682.jpg ,https:\/\/lasedelegal.es\/wp-content\/uploads\/2024\/11\/g567d5fe1b8b3bea931ca79a05f1043890a0fd66973e4fd91813c496c2a30a636eecb01b1e10765299088803c0f28eade_1280-472027.jpg 780w, https:\/\/lasedelegal.es\/wp-content\/uploads\/2024\/11\/g567d5fe1b8b3bea931ca79a05f1043890a0fd66973e4fd91813c496c2a30a636eecb01b1e10765299088803c0f28eade_1280-472027.jpg 360w\" sizes=\"auto, (max-width: 480px) 150px\" src=\"https:\/\/lasedelegal.es\/wp-content\/uploads\/2024\/11\/g567d5fe1b8b3bea931ca79a05f1043890a0fd66973e4fd91813c496c2a30a636eecb01b1e10765299088803c0f28eade_1280-472027-1024x682.jpg\" alt=\"glasses, spectacles, eyewear\" class=\"uag-image-1989\" width=\"558\" height=\"320\" title=\"g567d5fe1b8b3bea931ca79a05f1043890a0fd66973e4fd91813c496c2a30a636eecb01b1e10765299088803c0f28eade_1280-472027\" loading=\"lazy\" role=\"img\"\/><\/figure><\/div>\n\n\n\n<div class=\"wp-block-uagb-container uagb-block-d8c20511\">\n<div class=\"wp-block-uagb-advanced-heading uagb-block-46a3ba81\"><h3 class=\"uagb-heading-text\">perito judicial<\/h3><div class=\"uagb-separator\"><\/div><\/div>\n\n\n\n<div class=\"wp-block-uagb-advanced-heading uagb-block-773d4b87\"><p class=\"uagb-heading-text\"><a href=\"https:\/\/apjude.com\/peritos\/1445\/juan-carlos-garcia-caparros\/\" title=\"\">MIEMBRO APJUDE N\u00daMERO 0073: <\/a><\/p><\/div>\n\n\n\n<div class=\"wp-block-uagb-advanced-heading uagb-block-23cc923d\"><p class=\"uagb-heading-text\"><strong>Especialidad:<\/strong>&nbsp;<\/p><\/div>\n\n\n\n<p><strong>Valora<mark style=\"background-color:rgba(0, 0, 0, 0)\" class=\"has-inline-color has-ast-global-color-3-color\">ci\u00f3n,Tasaci\u00f3n y compraventa de Empresas y Sociedades         Contadores partidores, herencias                                                            Perito Judicial Gestor Administrativo y contable<\/mark>                                                                           Perito Judicial en Asesor\u00eda Fiscal y Laboral <\/strong><\/p>\n<\/div>\n\n\n\n<div class=\"wp-block-uagb-image alignleft uagb-block-6f959853 wp-block-uagb-image--layout-default wp-block-uagb-image--effect-static wp-block-uagb-image--align-left\"><figure class=\"wp-block-uagb-image__figure\"><img decoding=\"async\" srcset=\"https:\/\/lasedelegal.es\/wp-content\/uploads\/2024\/12\/g5b16a914e2846e6fa7f9fa21e6018639a6cd968b850222e625b3a82fad14851721b252b71b4c327cdfbdd5f7dbfaf6239f0fec01afb050adb2f16139e6bf93eb_1280-7267534-1024x682.jpg ,https:\/\/lasedelegal.es\/wp-content\/uploads\/2024\/12\/g5b16a914e2846e6fa7f9fa21e6018639a6cd968b850222e625b3a82fad14851721b252b71b4c327cdfbdd5f7dbfaf6239f0fec01afb050adb2f16139e6bf93eb_1280-7267534.jpg 780w, https:\/\/lasedelegal.es\/wp-content\/uploads\/2024\/12\/g5b16a914e2846e6fa7f9fa21e6018639a6cd968b850222e625b3a82fad14851721b252b71b4c327cdfbdd5f7dbfaf6239f0fec01afb050adb2f16139e6bf93eb_1280-7267534.jpg 360w\" sizes=\"auto, (max-width: 480px) 150px\" src=\"https:\/\/lasedelegal.es\/wp-content\/uploads\/2024\/12\/g5b16a914e2846e6fa7f9fa21e6018639a6cd968b850222e625b3a82fad14851721b252b71b4c327cdfbdd5f7dbfaf6239f0fec01afb050adb2f16139e6bf93eb_1280-7267534-1024x682.jpg\" alt=\"cctv, security camera, camera\" class=\"uag-image-2114\" width=\"558\" height=\"320\" title=\"g5b16a914e2846e6fa7f9fa21e6018639a6cd968b850222e625b3a82fad14851721b252b71b4c327cdfbdd5f7dbfaf6239f0fec01afb050adb2f16139e6bf93eb_1280-7267534\" loading=\"lazy\" role=\"img\"\/><\/figure><\/div>\n\n\n\n<div class=\"wp-block-uagb-container uagb-block-ccb7db45\">\n<div class=\"wp-block-uagb-advanced-heading uagb-block-306d7844\"><h3 class=\"uagb-heading-text\">SERVICIOS NORMATIVAS DE OBLIGADO CUMPLIMIENTO PARA NEGOCIOS:<\/h3><div class=\"uagb-separator\"><\/div><\/div>\n\n\n\n<div class=\"wp-block-uagb-advanced-heading uagb-block-635def38\"><p class=\"uagb-heading-text\">Todas las normas abajo indicadas son de obligado cumplimiento para empresas y aut\u00f3nomos, seg\u00fan su especialidad. Algunas de ellas, como protecci\u00f3n de datos, son comunes a todos los sectores con independencia de cualquier circunstancia personal.<\/p><\/div>\n\n\n\n<p><strong>Protecci\u00f3n de Datos, Comercio Electr\u00f3nico, Normativa de Igualdad, Sistemas de Autocontrol de la Seguridad Alimentaria, Higiene Ambiental, Consejero de Seguridad, Inspecci\u00f3n de Seguridad Industrial, Sistema de Protecci\u00f3n contra incendios, Prevenci\u00f3n de Riesgos Laborales, Desconexi\u00f3n Digital, Registro de Jornada Laboral y Canal de Denuncias.<\/strong><\/p>\n<\/div>\n<\/div>\n\n\n\n<div class=\"wp-block-uagb-container uagb-block-ff176edb\">\n<div class=\"wp-block-uagb-image alignleft uagb-block-232a6e2a wp-block-uagb-image--layout-default wp-block-uagb-image--effect-static wp-block-uagb-image--align-left\"><figure class=\"wp-block-uagb-image__figure\"><img decoding=\"async\" srcset=\"https:\/\/lasedelegal.es\/wp-content\/uploads\/2024\/11\/pexels-photo-2014773-2014773-1024x683.jpg ,https:\/\/lasedelegal.es\/wp-content\/uploads\/2024\/11\/pexels-photo-2014773-2014773-scaled.jpg 780w, https:\/\/lasedelegal.es\/wp-content\/uploads\/2024\/11\/pexels-photo-2014773-2014773-scaled.jpg 360w\" sizes=\"auto, (max-width: 480px) 150px\" src=\"https:\/\/lasedelegal.es\/wp-content\/uploads\/2024\/11\/pexels-photo-2014773-2014773-1024x683.jpg\" alt=\"Black and white image of audience with hands raised, capturing concert energy.\" class=\"uag-image-1964\" width=\"558\" height=\"320\" title=\"pexels-photo-2014773-2014773\" loading=\"lazy\" role=\"img\"\/><\/figure><\/div>\n\n\n\n<div class=\"wp-block-uagb-container uagb-block-f4abd589\">\n<div class=\"wp-block-uagb-advanced-heading uagb-block-7afd6836\"><h3 class=\"uagb-heading-text\">mediador civil, mercantil y comunitario.<\/h3><div class=\"uagb-separator\"><\/div><\/div>\n\n\n\n<p><strong><a href=\"https:\/\/remediabuscador.mjusticia.gob.es\/remediabuscador\/buscarRegistroMediador.action?busquedaAux=true\" title=\"\">Mediador Registrado Ministerio Justicia:<\/a><\/strong><\/p>\n\n\n\n<div class=\"wp-block-uagb-advanced-heading uagb-block-a83f9232\"><p class=\"uagb-heading-text\">Mediaci\u00f3n Arbitraje Civil<\/p><\/div>\n\n\n\n<div class=\"wp-block-uagb-advanced-heading uagb-block-ce84c9a4\"><p class=\"uagb-heading-text\">Mediaci\u00f3n Arbitraje Familiar<\/p><\/div>\n\n\n\n<div class=\"wp-block-uagb-advanced-heading uagb-block-8d8603f0\"><p class=\"uagb-heading-text\">Mediaci\u00f3n Comunitaria e intercultural<\/p><\/div>\n<\/div>\n\n\n\n<div class=\"wp-block-uagb-image alignleft uagb-block-77921a5b wp-block-uagb-image--layout-default wp-block-uagb-image--effect-static wp-block-uagb-image--align-left\"><figure class=\"wp-block-uagb-image__figure\"><img decoding=\"async\" srcset=\"https:\/\/lasedelegal.es\/wp-content\/uploads\/2024\/12\/gf8a7edca9c4bfbae4703e10e0016ac2a29b0539295d30fed31c905f03679504f8247f95b89c4f370b7d7e75b4e78e5589c1f3e3b537209f6539b099225fb0645_1280-4698413-1024x681.jpg ,https:\/\/lasedelegal.es\/wp-content\/uploads\/2024\/12\/gf8a7edca9c4bfbae4703e10e0016ac2a29b0539295d30fed31c905f03679504f8247f95b89c4f370b7d7e75b4e78e5589c1f3e3b537209f6539b099225fb0645_1280-4698413.jpg 780w, https:\/\/lasedelegal.es\/wp-content\/uploads\/2024\/12\/gf8a7edca9c4bfbae4703e10e0016ac2a29b0539295d30fed31c905f03679504f8247f95b89c4f370b7d7e75b4e78e5589c1f3e3b537209f6539b099225fb0645_1280-4698413.jpg 360w\" sizes=\"auto, (max-width: 480px) 150px\" src=\"https:\/\/lasedelegal.es\/wp-content\/uploads\/2024\/12\/gf8a7edca9c4bfbae4703e10e0016ac2a29b0539295d30fed31c905f03679504f8247f95b89c4f370b7d7e75b4e78e5589c1f3e3b537209f6539b099225fb0645_1280-4698413-1024x681.jpg\" alt=\"binary, disk, storage\" class=\"uag-image-2115\" width=\"558\" height=\"320\" title=\"gf8a7edca9c4bfbae4703e10e0016ac2a29b0539295d30fed31c905f03679504f8247f95b89c4f370b7d7e75b4e78e5589c1f3e3b537209f6539b099225fb0645_1280-4698413\" loading=\"lazy\" role=\"img\"\/><\/figure><\/div>\n\n\n\n<div class=\"wp-block-uagb-container uagb-block-bdd06dd4\">\n<div class=\"wp-block-uagb-advanced-heading uagb-block-7bbf1a81\"><h3 class=\"uagb-heading-text\">AGENCIA SEGUROS <em>FIATC<\/em>:<\/h3><div class=\"uagb-separator\"><\/div><\/div>\n\n\n\n<p>Asesoramiento y gesti\u00f3n de todo tipo de Seguros para particulares y empresas o negocios. Fiatc es una compa\u00f1\u00eda de seguros que aporta valor y tranquilidad a  los asegurados.<\/p>\n\n\n\n<div class=\"wp-block-uagb-advanced-heading uagb-block-de4dac4b\"><p class=\"uagb-heading-text\">Seguros Personales: M\u00e9dico, Decesos, Autos, Embarcaciones.<\/p><\/div>\n\n\n\n<div class=\"wp-block-uagb-advanced-heading uagb-block-febe1ad9\"><p class=\"uagb-heading-text\">Seguros Financieros: PIAS, PPI, Planes de Pensiones<\/p><\/div>\n\n\n\n<div class=\"wp-block-uagb-advanced-heading uagb-block-cf6e5833\"><p class=\"uagb-heading-text\">Seguros de Negocio: RC, Maquinaria, Locales, etc.<\/p><\/div>\n<\/div>\n\n\n\n<div class=\"wp-block-uagb-image alignleft uagb-block-93faf8c1 wp-block-uagb-image--layout-default wp-block-uagb-image--effect-static wp-block-uagb-image--align-left\"><figure class=\"wp-block-uagb-image__figure\"><img decoding=\"async\" srcset=\"https:\/\/lasedelegal.es\/wp-content\/uploads\/2024\/12\/g0e90c2ef8cef7ea60196d3efb386a80abdb25cf65cac7c864e14852fce800cafa6958ba61ec34a2b4dca1a61e20f1d10b4ccd0031ef2c209833e097925d96a6f_1280-4652495-1024x681.jpg ,https:\/\/lasedelegal.es\/wp-content\/uploads\/2024\/12\/g0e90c2ef8cef7ea60196d3efb386a80abdb25cf65cac7c864e14852fce800cafa6958ba61ec34a2b4dca1a61e20f1d10b4ccd0031ef2c209833e097925d96a6f_1280-4652495.jpg 780w, https:\/\/lasedelegal.es\/wp-content\/uploads\/2024\/12\/g0e90c2ef8cef7ea60196d3efb386a80abdb25cf65cac7c864e14852fce800cafa6958ba61ec34a2b4dca1a61e20f1d10b4ccd0031ef2c209833e097925d96a6f_1280-4652495.jpg 360w\" sizes=\"auto, (max-width: 480px) 150px\" src=\"https:\/\/lasedelegal.es\/wp-content\/uploads\/2024\/12\/g0e90c2ef8cef7ea60196d3efb386a80abdb25cf65cac7c864e14852fce800cafa6958ba61ec34a2b4dca1a61e20f1d10b4ccd0031ef2c209833e097925d96a6f_1280-4652495-1024x681.jpg\" alt=\"key, unlock, security\" class=\"uag-image-2113\" width=\"558\" height=\"320\" title=\"g0e90c2ef8cef7ea60196d3efb386a80abdb25cf65cac7c864e14852fce800cafa6958ba61ec34a2b4dca1a61e20f1d10b4ccd0031ef2c209833e097925d96a6f_1280-4652495\" loading=\"lazy\" role=\"img\"\/><\/figure><\/div>\n\n\n\n<div class=\"wp-block-uagb-container uagb-block-0ae367a2\">\n<div class=\"wp-block-uagb-advanced-heading uagb-block-1d163734\"><h3 class=\"uagb-heading-text\">TRASPASO DE NEGOCIOS<\/h3><div class=\"uagb-separator\"><\/div><\/div>\n\n\n\n<p><strong>ASESOR\u00cdA ESPECIALIZADA EN TRASPASO Y COMPRAVENTA DE NEGOCIOS Y SOCIEDADES:<\/strong><\/p>\n\n\n\n<div class=\"wp-block-uagb-advanced-heading uagb-block-c881d784\"><p class=\"uagb-heading-text\">No s\u00f3lo somos especialistas en la compraventa de negocios sino que adem\u00e1s, somos Peritos Judiciales especializados en la Tasaci\u00f3n de Negocios y gestionamos el traspaso desde la primera toma de contacto hasta el \u00faltimo de los impuestos o registros que haya que presentar.<\/p><\/div>\n\n\n\n<p><\/p>\n\n\n\n<div class=\"wp-block-uagb-advanced-heading uagb-block-0a8e0f19\"><p class=\"uagb-heading-text\">TRASPASO DE PRINCIPIO A FIN. SIN DUPLICIDAD DE TRABAJOS NI DE GASTOS. NO SOMOS INMOBILIARIA, SOMOS ESPECIALISTAS EN  NEGOCIOS.<\/p><\/div>\n<\/div>\n<\/div>\n<\/div>\n\n\n\n<div class=\"wp-block-uagb-buttons uagb-buttons__outer-wrap uagb-btn__default-btn uagb-btn-tablet__default-btn uagb-btn-mobile__default-btn uagb-block-ab2f0f96\"><div class=\"uagb-buttons__wrap uagb-buttons-layout-wrap\">\n<div class=\"wp-block-uagb-buttons-child uagb-buttons__outer-wrap uagb-block-ce210d48 wp-block-button\"><div class=\"uagb-button__wrapper\"><a class=\"uagb-buttons-repeater wp-block-button__link\" aria-label=\"\" href=\"\/en\/menu\/\" rel=\"follow noopener\" target=\"_self\" role=\"button\"><div class=\"uagb-button__link\">explore<\/div><\/a><\/div><\/div>\n<\/div><\/div>\n<\/div><\/div>\n\n\n\n<div class=\"wp-block-group alignfull has-background-color is-layout-flow wp-block-group-is-layout-flow\" style=\"margin-top:0;margin-bottom:0;padding-top:var(--wp--preset--spacing--50);padding-right:var(--wp--preset--spacing--30);padding-bottom:var(--wp--preset--spacing--50);padding-left:var(--wp--preset--spacing--30)\">\n<div class=\"wp-block-group alignfull has-small-font-size is-content-justification-space-between is-nowrap is-layout-flex wp-container-core-group-is-layout-1 wp-block-group-is-layout-flex\"><h1 class=\"wp-block-site-title has-small-font-size wp-container-content-1\"><a href=\"https:\/\/lasedelegal.es\/en\" target=\"_self\" rel=\"home\">La Sede Legal<\/a><\/h1>\n\n\n<ul class=\"wp-block-social-links has-huge-icon-size is-style-logos-only wp-container-content-2 is-content-justification-right is-nowrap is-layout-flex wp-container-core-social-links-is-layout-1 wp-block-social-links-is-layout-flex\"><li class=\"wp-social-link wp-social-link-instagram  wp-block-social-link\"><a href=\"https:\/\/#https:\/\/www.instagram.com\/lasedesl\/\" class=\"wp-block-social-link-anchor\"><svg width=\"24\" height=\"24\" viewbox=\"0 0 24 24\" version=\"1.1\" xmlns=\"http:\/\/www.w3.org\/2000\/svg\" aria-hidden=\"true\" focusable=\"false\"><path d=\"M12,4.622c2.403,0,2.688,0.009,3.637,0.052c0.877,0.04,1.354,0.187,1.671,0.31c0.42,0.163,0.72,0.358,1.035,0.673 c0.315,0.315,0.51,0.615,0.673,1.035c0.123,0.317,0.27,0.794,0.31,1.671c0.043,0.949,0.052,1.234,0.052,3.637 s-0.009,2.688-0.052,3.637c-0.04,0.877-0.187,1.354-0.31,1.671c-0.163,0.42-0.358,0.72-0.673,1.035 c-0.315,0.315-0.615,0.51-1.035,0.673c-0.317,0.123-0.794,0.27-1.671,0.31c-0.949,0.043-1.233,0.052-3.637,0.052 s-2.688-0.009-3.637-0.052c-0.877-0.04-1.354-0.187-1.671-0.31c-0.42-0.163-0.72-0.358-1.035-0.673 c-0.315-0.315-0.51-0.615-0.673-1.035c-0.123-0.317-0.27-0.794-0.31-1.671C4.631,14.688,4.622,14.403,4.622,12 s0.009-2.688,0.052-3.637c0.04-0.877,0.187-1.354,0.31-1.671c0.163-0.42,0.358-0.72,0.673-1.035 c0.315-0.315,0.615-0.51,1.035-0.673c0.317-0.123,0.794-0.27,1.671-0.31C9.312,4.631,9.597,4.622,12,4.622 M12,3 C9.556,3,9.249,3.01,8.289,3.054C7.331,3.098,6.677,3.25,6.105,3.472C5.513,3.702,5.011,4.01,4.511,4.511 c-0.5,0.5-0.808,1.002-1.038,1.594C3.25,6.677,3.098,7.331,3.054,8.289C3.01,9.249,3,9.556,3,12c0,2.444,0.01,2.751,0.054,3.711 c0.044,0.958,0.196,1.612,0.418,2.185c0.23,0.592,0.538,1.094,1.038,1.594c0.5,0.5,1.002,0.808,1.594,1.038 c0.572,0.222,1.227,0.375,2.185,0.418C9.249,20.99,9.556,21,12,21s2.751-0.01,3.711-0.054c0.958-0.044,1.612-0.196,2.185-0.418 c0.592-0.23,1.094-0.538,1.594-1.038c0.5-0.5,0.808-1.002,1.038-1.594c0.222-0.572,0.375-1.227,0.418-2.185 C20.99,14.751,21,14.444,21,12s-0.01-2.751-0.054-3.711c-0.044-0.958-0.196-1.612-0.418-2.185c-0.23-0.592-0.538-1.094-1.038-1.594 c-0.5-0.5-1.002-0.808-1.594-1.038c-0.572-0.222-1.227-0.375-2.185-0.418C14.751,3.01,14.444,3,12,3L12,3z M12,7.378 c-2.552,0-4.622,2.069-4.622,4.622S9.448,16.622,12,16.622s4.622-2.069,4.622-4.622S14.552,7.378,12,7.378z M12,15 c-1.657,0-3-1.343-3-3s1.343-3,3-3s3,1.343,3,3S13.657,15,12,15z M16.804,6.116c-0.596,0-1.08,0.484-1.08,1.08 s0.484,1.08,1.08,1.08c0.596,0,1.08-0.484,1.08-1.08S17.401,6.116,16.804,6.116z\"><\/path><\/svg><span class=\"wp-block-social-link-label screen-reader-text\">Instagram<\/span><\/a><\/li>\n\n<li class=\"wp-social-link wp-social-link-linkedin  wp-block-social-link\"><a href=\"https:\/\/www.linkedin.com\/company\/lasedeasesores\/?_l=es_ES\" class=\"wp-block-social-link-anchor\"><svg width=\"24\" height=\"24\" viewbox=\"0 0 24 24\" version=\"1.1\" xmlns=\"http:\/\/www.w3.org\/2000\/svg\" aria-hidden=\"true\" focusable=\"false\"><path d=\"M19.7,3H4.3C3.582,3,3,3.582,3,4.3v15.4C3,20.418,3.582,21,4.3,21h15.4c0.718,0,1.3-0.582,1.3-1.3V4.3 C21,3.582,20.418,3,19.7,3z M8.339,18.338H5.667v-8.59h2.672V18.338z M7.004,8.574c-0.857,0-1.549-0.694-1.549-1.548 c0-0.855,0.691-1.548,1.549-1.548c0.854,0,1.547,0.694,1.547,1.548C8.551,7.881,7.858,8.574,7.004,8.574z M18.339,18.338h-2.669 v-4.177c0-0.996-0.017-2.278-1.387-2.278c-1.389,0-1.601,1.086-1.601,2.206v4.249h-2.667v-8.59h2.559v1.174h0.037 c0.356-0.675,1.227-1.387,2.526-1.387c2.703,0,3.203,1.779,3.203,4.092V18.338z\"><\/path><\/svg><span class=\"wp-block-social-link-label screen-reader-text\">LinkedIn<\/span><\/a><\/li>\n\n<li class=\"wp-social-link wp-social-link-facebook  wp-block-social-link\"><a href=\"https:\/\/www.facebook.com\/profile.php?id=61568799218676\" class=\"wp-block-social-link-anchor\"><svg width=\"24\" height=\"24\" viewbox=\"0 0 24 24\" version=\"1.1\" xmlns=\"http:\/\/www.w3.org\/2000\/svg\" aria-hidden=\"true\" focusable=\"false\"><path d=\"M12 2C6.5 2 2 6.5 2 12c0 5 3.7 9.1 8.4 9.9v-7H7.9V12h2.5V9.8c0-2.5 1.5-3.9 3.8-3.9 1.1 0 2.2.2 2.2.2v2.5h-1.3c-1.2 0-1.6.8-1.6 1.6V12h2.8l-.4 2.9h-2.3v7C18.3 21.1 22 17 22 12c0-5.5-4.5-10-10-10z\"><\/path><\/svg><span class=\"wp-block-social-link-label screen-reader-text\">Facebook<\/span><\/a><\/li><\/ul>\n<\/div>\n<\/div>\n\n\n\n<div class=\"wp-block-uagb-container uagb-block-c2a4df81 alignfull uagb-is-root-container\"><div class=\"uagb-container-inner-blocks-wrap\">\n<div class=\"wp-block-uagb-info-box uagb-block-9bc2696c uagb-infobox__content-wrap  uagb-infobox-icon-above-title uagb-infobox-image-valign-top\"><div class=\"uagb-ifb-content\"><div class=\"uagb-ifb-title-wrap\"><h3 class=\"uagb-ifb-title\">Cont\u00e1ctenos Hoy Mismo<\/h3><\/div><p class=\"uagb-ifb-desc\">Pida su cita y empecemos a resolver sus problemas  fiscales hoy mismo.<\/p><div class=\"uagb-ifb-button-wrapper wp-block-button\"><a href=\"\/en\/contact\/\" class=\"uagb-infobox-cta-link wp-block-button__link\" target=\"_self\" rel=\"noopener noreferrer\" onclick=\"return true;\"><span class=\"uagb-inline-editing\">Solicitar Consulta<\/span><\/a><\/div><\/div><\/div>\n<\/div><\/div>","protected":false},"excerpt":{"rendered":"<p>Asesor\u00eda Integral en M\u00e1laga En La Sede Legal, ofrecemos servicios de asesoramiento fiscal, laboral y contable personalizados. Nuestro equipo de [&hellip;]<\/p>","protected":false},"author":1,"featured_media":0,"parent":0,"menu_order":0,"comment_status":"closed","ping_status":"closed","template":"","meta":{"om_disable_all_campaigns":false,"_uag_custom_page_level_css":"","_monsterinsights_skip_tracking":false,"_monsterinsights_sitenote_active":false,"_monsterinsights_sitenote_note":"","_monsterinsights_sitenote_category":0,"site-sidebar-layout":"default","site-content-layout":"page-builder","ast-site-content-layout":"full-width-container","site-content-style":"unboxed","site-sidebar-style":"unboxed","ast-global-header-display":"","ast-banner-title-visibility":"","ast-main-header-display":"","ast-hfb-above-header-display":"","ast-hfb-below-header-display":"","ast-hfb-mobile-header-display":"","site-post-title":"disabled","ast-breadcrumbs-content":"","ast-featured-img":"","footer-sml-layout":"","ast-disable-related-posts":"","theme-transparent-header-meta":"enabled","adv-header-id-meta":"","stick-header-meta":"","header-above-stick-meta":"","header-main-stick-meta":"","header-below-stick-meta":"","astra-migrate-meta-layouts":"set","ast-page-background-enabled":"default","ast-page-background-meta":{"desktop":{"background-color":"var(--ast-global-color-5)","background-image":"","background-repeat":"repeat","background-position":"center center","background-size":"auto","background-attachment":"scroll","background-type":"","background-media":"","overlay-type":"","overlay-color":"","overlay-opacity":"","overlay-gradient":""},"tablet":{"background-color":"","background-image":"","background-repeat":"repeat","background-position":"center center","background-size":"auto","background-attachment":"scroll","background-type":"","background-media":"","overlay-type":"","overlay-color":"","overlay-opacity":"","overlay-gradient":""},"mobile":{"background-color":"","background-image":"","background-repeat":"repeat","background-position":"center center","background-size":"auto","background-attachment":"scroll","background-type":"","background-media":"","overlay-type":"","overlay-color":"","overlay-opacity":"","overlay-gradient":""}},"ast-content-background-meta":{"desktop":{"background-color":"var(--ast-global-color-4)","background-image":"","background-repeat":"repeat","background-position":"center center","background-size":"auto","background-attachment":"scroll","background-type":"","background-media":"","overlay-type":"","overlay-color":"","overlay-opacity":"","overlay-gradient":""},"tablet":{"background-color":"var(--ast-global-color-4)","background-image":"","background-repeat":"repeat","background-position":"center center","background-size":"auto","background-attachment":"scroll","background-type":"","background-media":"","overlay-type":"","overlay-color":"","overlay-opacity":"","overlay-gradient":""},"mobile":{"background-color":"var(--ast-global-color-4)","background-image":"","background-repeat":"repeat","background-position":"center center","background-size":"auto","background-attachment":"scroll","background-type":"","background-media":"","overlay-type":"","overlay-color":"","overlay-opacity":"","overlay-gradient":""}},"footnotes":""},"class_list":["post-1683","page","type-page","status-publish","hentry"],"aioseo_notices":[],"uagb_featured_image_src":{"full":false,"thumbnail":false,"medium":false,"medium_large":false,"large":false,"1536x1536":false,"2048x2048":false,"trp-custom-language-flag":false},"uagb_author_info":{"display_name":"lasedelegal@gmail.com","author_link":"https:\/\/lasedelegal.es\/en\/author\/lasedelegalgmail-com\/"},"uagb_comment_info":0,"uagb_excerpt":"Asesor\u00eda Integral en M\u00e1laga En La Sede Legal, ofrecemos servicios de asesoramiento fiscal, laboral y contable personalizados. Nuestro equipo de [&hellip;]","_links":{"self":[{"href":"https:\/\/lasedelegal.es\/en\/wp-json\/wp\/v2\/pages\/1683","targetHints":{"allow":["GET"]}}],"collection":[{"href":"https:\/\/lasedelegal.es\/en\/wp-json\/wp\/v2\/pages"}],"about":[{"href":"https:\/\/lasedelegal.es\/en\/wp-json\/wp\/v2\/types\/page"}],"author":[{"embeddable":true,"href":"https:\/\/lasedelegal.es\/en\/wp-json\/wp\/v2\/users\/1"}],"replies":[{"embeddable":true,"href":"https:\/\/lasedelegal.es\/en\/wp-json\/wp\/v2\/comments?post=1683"}],"version-history":[{"count":20,"href":"https:\/\/lasedelegal.es\/en\/wp-json\/wp\/v2\/pages\/1683\/revisions"}],"predecessor-version":[{"id":2145,"href":"https:\/\/lasedelegal.es\/en\/wp-json\/wp\/v2\/pages\/1683\/revisions\/2145"}],"wp:attachment":[{"href":"https:\/\/lasedelegal.es\/en\/wp-json\/wp\/v2\/media?parent=1683"}],"curies":[{"name":"wp","href":"https:\/\/api.w.org\/{rel}","templated":true}]}}